{"id":5592,"date":"2016-12-05T09:17:34","date_gmt":"2016-12-05T09:17:34","guid":{"rendered":"http:\/\/demo.wpzoom.com\/inspiro\/?page_id=5592"},"modified":"2024-09-16T13:44:29","modified_gmt":"2024-09-16T13:44:29","slug":"liliana","status":"publish","type":"page","link":"https:\/\/lilianahermann.com.ar\/en\/liliana\/","title":{"rendered":"About Liliana"},"content":{"rendered":"<div data-elementor-type=\"wp-page\" data-elementor-id=\"5592\" class=\"elementor elementor-5592\">\n\t\t\t\t\t\t<section class=\"elementor-section elementor-top-section elementor-element elementor-element-6dd5e545 elementor-section-boxed elementor-section-height-default elementor-section-height-default\" data-id=\"6dd5e545\" data-element_type=\"section\" data-e-type=\"section\">\n\t\t\t\t\t\t<div class=\"elementor-container elementor-column-gap-no\">\n\t\t\t\t\t<div class=\"elementor-column elementor-col-100 elementor-top-column elementor-element elementor-element-35934f08\" data-id=\"35934f08\" data-element_type=\"column\" data-e-type=\"column\">\n\t\t\t<div class=\"elementor-widget-wrap elementor-element-populated\">\n\t\t\t\t\t\t<div class=\"elementor-element elementor-element-89ab21a elementor-widget elementor-widget-image\" data-id=\"89ab21a\" data-element_type=\"widget\" data-e-type=\"widget\" data-widget_type=\"image.default\">\n\t\t\t\t<div class=\"elementor-widget-container\">\n\t\t\t\t\t\t\t\t\t\t\t\t\t\t\t<img fetchpriority=\"high\" decoding=\"async\" width=\"1024\" height=\"555\" src=\"https:\/\/lilianahermann.com.ar\/wp-content\/uploads\/2023\/08\/liliana-herman-foto-con-cuadro.jpg\" class=\"attachment-1536x1536 size-1536x1536 wp-image-6758\" alt=\"\" srcset=\"https:\/\/lilianahermann.com.ar\/wp-content\/uploads\/2023\/08\/liliana-herman-foto-con-cuadro.jpg 1024w, https:\/\/lilianahermann.com.ar\/wp-content\/uploads\/2023\/08\/liliana-herman-foto-con-cuadro-300x163.jpg 300w, https:\/\/lilianahermann.com.ar\/wp-content\/uploads\/2023\/08\/liliana-herman-foto-con-cuadro-768x416.jpg 768w, https:\/\/lilianahermann.com.ar\/wp-content\/uploads\/2023\/08\/liliana-herman-foto-con-cuadro-600x325.jpg 600w, https:\/\/lilianahermann.com.ar\/wp-content\/uploads\/2023\/08\/liliana-herman-foto-con-cuadro-18x10.jpg 18w\" sizes=\"100vw\" \/>\t\t\t\t\t\t\t\t\t\t\t\t\t\t\t<\/div>\n\t\t\t\t<\/div>\n\t\t\t\t<section class=\"elementor-section elementor-inner-section elementor-element elementor-element-7a19ee1 elementor-section-full_width elementor-section-height-default elementor-section-height-default\" data-id=\"7a19ee1\" data-element_type=\"section\" data-e-type=\"section\">\n\t\t\t\t\t\t<div class=\"elementor-container elementor-column-gap-no\">\n\t\t\t\t\t<div class=\"elementor-column elementor-col-100 elementor-inner-column elementor-element elementor-element-371c4441\" data-id=\"371c4441\" data-element_type=\"column\" data-e-type=\"column\">\n\t\t\t<div class=\"elementor-widget-wrap elementor-element-populated\">\n\t\t\t\t\t\t<div class=\"elementor-element elementor-element-14e4796c elementor-widget elementor-widget-text-editor\" data-id=\"14e4796c\" data-element_type=\"widget\" data-e-type=\"widget\" data-widget_type=\"text-editor.default\">\n\t\t\t\t<div class=\"elementor-widget-container\">\n\t\t\t\t\t\t\t\t\t<h2><span style=\"color: #e52515;\">It took Liliana almost two decades to trace her origins and the complete story of Lothar, seeking his vindication, which was also that of her own family history.<\/span><\/h2><p>During this search, Liliana relived, in a way, the ordeal that Lothar had to endure: a journey filled with hardships, concealment, external pressures, and denials. At the same time, she had the opportunity to learn about the lives not only of Lothar but of his entire family before, during, and after the war.<\/p><p>She firsthand learned other stories of Holocaust survivors, spoke with people who knew and shared bread with the Hermann family, and they recounted the persecution they had to face.<\/p><p>Historians from around the world appreciated and supported Liliana's cause, without even imagining everything she would achieve in her quest for justice for her uncle Lothar.<\/p><p>Reconnecting the family ties scattered around the world was not a simple task, but she achieved it: she got in touch with Silvia Hermann. Luis Mar\u00eda, Liliana's father, could speak with her for the first time in his life, both with seven decades of their own past hidden. And Liliana could gather more and more information about her great-uncle Lothar's titanic effort to bring Eichmann to justice, opening doors that revealed the direct involvement of past and present governments in keeping the truth hidden. But nothing would stop her until she vindicated her family's name and restored the place in history that Lothar Hermann deserves.<\/p><p>Archivos del mundo recibieron pedidos de Liliana solicitando informaci\u00f3n, historiadores apoyaron y colaboraron con documentos en diferentes idiomas: su misi\u00f3n cont\u00f3 con invaluable ayuda.<\/p>\t\t\t\t\t\t\t\t<\/div>\n\t\t\t\t<\/div>\n\t\t\t\t<div class=\"elementor-element elementor-element-69f4b5a8 elementor-align-center elementor-widget elementor-widget-button\" data-id=\"69f4b5a8\" data-element_type=\"widget\" data-e-type=\"widget\" data-widget_type=\"button.default\">\n\t\t\t\t<div class=\"elementor-widget-container\">\n\t\t\t\t\t\t\t\t\t<div class=\"elementor-button-wrapper\">\n\t\t\t\t\t<a class=\"elementor-button elementor-button-link elementor-size-md\" href=\"https:\/\/lilianahermann.com.ar\/en\/contacto\/\">\n\t\t\t\t\t\t<span class=\"elementor-button-content-wrapper\">\n\t\t\t\t\t\t\t\t\t<span class=\"elementor-button-text\">Get in Touch<\/span>\n\t\t\t\t\t<\/span>\n\t\t\t\t\t<\/a>\n\t\t\t\t<\/div>\n\t\t\t\t\t\t\t\t<\/div>\n\t\t\t\t<\/div>\n\t\t\t\t\t<\/div>\n\t\t<\/div>\n\t\t\t\t\t<\/div>\n\t\t<\/section>\n\t\t\t\t\t<\/div>\n\t\t<\/div>\n\t\t\t\t\t<\/div>\n\t\t<\/section>\n\t\t\t\t<section class=\"elementor-section elementor-top-section elementor-element elementor-element-79c23755 elementor-section-boxed elementor-section-height-default elementor-section-height-default\" data-id=\"79c23755\" data-element_type=\"section\" data-e-type=\"section\" data-settings=\"{&quot;background_background&quot;:&quot;classic&quot;}\">\n\t\t\t\t\t\t<div class=\"elementor-container elementor-column-gap-no\">\n\t\t\t\t\t<div class=\"elementor-column elementor-col-100 elementor-top-column elementor-element elementor-element-39e1062\" data-id=\"39e1062\" data-element_type=\"column\" data-e-type=\"column\">\n\t\t\t<div class=\"elementor-widget-wrap elementor-element-populated\">\n\t\t\t\t\t\t<div class=\"elementor-element elementor-element-1794f4ed elementor-widget elementor-widget-heading\" data-id=\"1794f4ed\" data-element_type=\"widget\" data-e-type=\"widget\" data-widget_type=\"heading.default\">\n\t\t\t\t<div class=\"elementor-widget-container\">\n\t\t\t\t\t<h2 class=\"elementor-heading-title elementor-size-default\">:: Awakening the Silence ::<\/h2>\t\t\t\t<\/div>\n\t\t\t\t<\/div>\n\t\t\t\t\t<\/div>\n\t\t<\/div>\n\t\t\t\t\t<\/div>\n\t\t<\/section>\n\t\t\t\t<section class=\"elementor-section elementor-top-section elementor-element elementor-element-4809f5de elementor-section-boxed elementor-section-height-default elementor-section-height-default\" data-id=\"4809f5de\" data-element_type=\"section\" data-e-type=\"section\" data-settings=\"{&quot;background_background&quot;:&quot;classic&quot;}\">\n\t\t\t\t\t\t<div class=\"elementor-container elementor-column-gap-custom\">\n\t\t\t\t\t<div class=\"elementor-column elementor-col-33 elementor-top-column elementor-element elementor-element-10bff1a7\" data-id=\"10bff1a7\" data-element_type=\"column\" data-e-type=\"column\">\n\t\t\t<div class=\"elementor-widget-wrap elementor-element-populated\">\n\t\t\t\t\t\t<div class=\"elementor-element elementor-element-8e0665c elementor-widget elementor-widget-wpzoom-elementor-addons-team-members\" data-id=\"8e0665c\" data-element_type=\"widget\" data-e-type=\"widget\" data-widget_type=\"wpzoom-elementor-addons-team-members.default\">\n\t\t\t\t<div class=\"elementor-widget-container\">\n\t\t\t\t\t\n\t\t\t\t\t<figure class=\"wpz-member-figure\">\n\t\t\t\t<img decoding=\"async\" width=\"600\" height=\"900\" src=\"https:\/\/lilianahermann.com.ar\/wp-content\/uploads\/2023\/08\/liliana-001.jpg\" class=\"elementor-animation-disable-animation attachment-large size-large wp-image-6781\" alt=\"\" srcset=\"https:\/\/lilianahermann.com.ar\/wp-content\/uploads\/2023\/08\/liliana-001.jpg 600w, https:\/\/lilianahermann.com.ar\/wp-content\/uploads\/2023\/08\/liliana-001-200x300.jpg 200w, https:\/\/lilianahermann.com.ar\/wp-content\/uploads\/2023\/08\/liliana-001-8x12.jpg 8w\" sizes=\"100vw\" \/>\t\t\t<\/figure>\n\t\t\n\t\t<div class=\"wpz-member-body\">\n\t\t\t<h2 class=\"wpz-member-name\">Journey in the Heart of the Westerwald: An Encounter with My Roots in Quirnbach.<\/h2>\n\t\t\t\t\t\t\t<div class=\"wpz-member-position\">During my visit to the German Westerwald, I was able to share my journey in search of my origins, receive the warmth of the citizens of Quirnbach, the place where the Hermann family resisted as much as they could against the oppression imposed by the Reich law.<\/div>\n\t\t\t\n\t\t\t\t\t\t\t<div class=\"wpz-member-bio\">\n\t\t\t\t\t<p>Walking that path was to connect in body and soul, as if I had lived here all my life.\n\nI had the privilege of imprinting in each step my profound quest for roots and belonging.\n\nThe image captured in that moment reveals a kaleidoscope of emotions and meanings that transcend time, where the history of the Hermann family intertwines with the tenacity and resilient spirit of its inhabitants. In the midst of the picturesque serenity of this place, I could sense the warm embrace of the local community. The faces of the citizens reflect not only an encounter but also a profound connection with the history that awakens every stone and corner of Quirnbach.\n\nIn this environment, each step is like a link that connects the past with the present, as if the past and the present merge in an emotional embrace.<\/p>\n\t\t\t\t<\/div>\n\t\t\t\n\t\t\t\n\t\t\t\n\t\t\t\t\t<\/div>\n\t\t\t\t\t\t<\/div>\n\t\t\t\t<\/div>\n\t\t\t\t\t<\/div>\n\t\t<\/div>\n\t\t\t\t<div class=\"elementor-column elementor-col-33 elementor-top-column elementor-element elementor-element-38ec6c8\" data-id=\"38ec6c8\" data-element_type=\"column\" data-e-type=\"column\">\n\t\t\t<div class=\"elementor-widget-wrap elementor-element-populated\">\n\t\t\t\t\t\t<div class=\"elementor-element elementor-element-4b9f7553 elementor-widget elementor-widget-wpzoom-elementor-addons-team-members\" data-id=\"4b9f7553\" data-element_type=\"widget\" data-e-type=\"widget\" data-widget_type=\"wpzoom-elementor-addons-team-members.default\">\n\t\t\t\t<div class=\"elementor-widget-container\">\n\t\t\t\t\t\n\t\t\t\t\t<figure class=\"wpz-member-figure\">\n\t\t\t\t<img decoding=\"async\" width=\"600\" height=\"900\" src=\"https:\/\/lilianahermann.com.ar\/wp-content\/uploads\/2023\/08\/liliana-002.jpg\" class=\"elementor-animation-disable-animation attachment-large size-large wp-image-6785\" alt=\"\" srcset=\"https:\/\/lilianahermann.com.ar\/wp-content\/uploads\/2023\/08\/liliana-002.jpg 600w, https:\/\/lilianahermann.com.ar\/wp-content\/uploads\/2023\/08\/liliana-002-200x300.jpg 200w, https:\/\/lilianahermann.com.ar\/wp-content\/uploads\/2023\/08\/liliana-002-8x12.jpg 8w\" sizes=\"100vw\" \/>\t\t\t<\/figure>\n\t\t\n\t\t<div class=\"wpz-member-body\">\n\t\t\t<h2 class=\"wpz-member-name\">The Lasting Impact of Holocaust Museums and a Family Legacy of Justice.<\/h2>\n\t\t\t\t\t\t\t<div class=\"wpz-member-position\">Museums dedicated to preserving and sharing the history of the Holocaust play a fundamental role in our society. More than mere exhibition spaces, these places carry the collective memory, serving as guardians of crucial testimonies that must be remembered and passed down to future generations.<\/div>\n\t\t\t\n\t\t\t\t\t\t\t<div class=\"wpz-member-bio\">\n\t\t\t\t\t<p>Imagining a figure from my own family history involved in one of the most transcendent acts of post-war justice gives me an even deeper and inspiring perspective to continue.\n\nThe Holocaust Museum in Buenos Aires is an eloquent example of the relevance of such institutions. This museum houses not only invaluable documentation that transcends borders but also a personal story that takes on a universal significance. The story of my uncle, Lothar Hermann, is a gem embedded in the museum's halls, a testimony of courage and determination that inspires everyone who comes to know it.\n\nThe museum serves as a beacon that illuminates the horrors of the past but also as a constant reminder of human resilience and the struggle for justice.\n\nMy uncle's story is a clear example of this, an act of courage that will resonate through generations to come. His legacy not only transcends within the family but extends as a reminder of people's capacity to confront darkness and seek truth and justice.<\/p>\n\t\t\t\t<\/div>\n\t\t\t\n\t\t\t\n\t\t\t\n\t\t\t\t\t<\/div>\n\t\t\t\t\t\t<\/div>\n\t\t\t\t<\/div>\n\t\t\t\t\t<\/div>\n\t\t<\/div>\n\t\t\t\t<div class=\"elementor-column elementor-col-33 elementor-top-column elementor-element elementor-element-b0455b7\" data-id=\"b0455b7\" data-element_type=\"column\" data-e-type=\"column\">\n\t\t\t<div class=\"elementor-widget-wrap elementor-element-populated\">\n\t\t\t\t\t\t<div class=\"elementor-element elementor-element-5b725c4e elementor-widget elementor-widget-wpzoom-elementor-addons-team-members\" data-id=\"5b725c4e\" data-element_type=\"widget\" data-e-type=\"widget\" data-widget_type=\"wpzoom-elementor-addons-team-members.default\">\n\t\t\t\t<div class=\"elementor-widget-container\">\n\t\t\t\t\t\n\t\t\t\t\t<figure class=\"wpz-member-figure\">\n\t\t\t\t<img loading=\"lazy\" decoding=\"async\" width=\"600\" height=\"900\" src=\"https:\/\/lilianahermann.com.ar\/wp-content\/uploads\/2023\/08\/liliana-003.jpg\" class=\"elementor-animation-disable-animation attachment-large size-large wp-image-6786\" alt=\"\" srcset=\"https:\/\/lilianahermann.com.ar\/wp-content\/uploads\/2023\/08\/liliana-003.jpg 600w, https:\/\/lilianahermann.com.ar\/wp-content\/uploads\/2023\/08\/liliana-003-200x300.jpg 200w, https:\/\/lilianahermann.com.ar\/wp-content\/uploads\/2023\/08\/liliana-003-8x12.jpg 8w\" sizes=\"100vw\" \/>\t\t\t<\/figure>\n\t\t\n\t\t<div class=\"wpz-member-body\">\n\t\t\t<h2 class=\"wpz-member-name\">Honoring the Past: A Moment of Emotion in the City of Wirges.<\/h2>\n\t\t\t\t\t\t\t<div class=\"wpz-member-position\">On September 14, 2021, right in front of the last home that hosted two beloved family members, Manfred and Ludwig Hermann. <\/div>\n\t\t\t\n\t\t\t\t\t\t\t<div class=\"wpz-member-bio\">\n\t\t\t\t\t<p>In the city of Wirges, the installation of the Stumbling Stones (Stolpersteine) took place. This poignant artistic act is the work of the renowned Gunter Demnig, recognized globally.\n\nFor the writer, the emotion of being able to walk on the lands that saw their ancestors grow is indescribable. Despite the dark chapters of history in which fascism took so much, traversing these grounds is a warm embrace to the heart.\n\nStanding at the exact point where a significant part of the family put down roots adds another step to this long and challenging journey traveled so far.<\/p>\n\t\t\t\t<\/div>\n\t\t\t\n\t\t\t\n\t\t\t\n\t\t\t\t\t<\/div>\n\t\t\t\t\t\t<\/div>\n\t\t\t\t<\/div>\n\t\t\t\t\t<\/div>\n\t\t<\/div>\n\t\t\t\t\t<\/div>\n\t\t<\/section>\n\t\t\t\t<section class=\"elementor-section elementor-top-section elementor-element elementor-element-0cf6c51 elementor-section-boxed elementor-section-height-default elementor-section-height-default\" data-id=\"0cf6c51\" data-element_type=\"section\" data-e-type=\"section\">\n\t\t\t\t\t\t<div class=\"elementor-container elementor-column-gap-default\">\n\t\t\t\t\t<div class=\"elementor-column elementor-col-100 elementor-top-column elementor-element elementor-element-6b361b6\" data-id=\"6b361b6\" data-element_type=\"column\" data-e-type=\"column\">\n\t\t\t<div class=\"elementor-widget-wrap elementor-element-populated\">\n\t\t\t\t\t\t<div class=\"elementor-element elementor-element-bc28612 elementor-widget elementor-widget-spacer\" data-id=\"bc28612\" data-element_type=\"widget\" data-e-type=\"widget\" data-widget_type=\"spacer.default\">\n\t\t\t\t<div class=\"elementor-widget-container\">\n\t\t\t\t\t\t\t<div class=\"elementor-spacer\">\n\t\t\t<div class=\"elementor-spacer-inner\"><\/div>\n\t\t<\/div>\n\t\t\t\t\t\t<\/div>\n\t\t\t\t<\/div>\n\t\t\t\t<div class=\"elementor-element elementor-element-7a1ea0f elementor-widget elementor-widget-text-editor\" data-id=\"7a1ea0f\" data-element_type=\"widget\" data-e-type=\"widget\" data-widget_type=\"text-editor.default\">\n\t\t\t\t<div class=\"elementor-widget-container\">\n\t\t\t\t\t\t\t\t\t<p><span style=\"color: #e52515;\"><strong>In 2012, following the presentation of supporting documents <span style=\"font-family: var( --e-global-typography-text-font-family ), Sans-serif;\">by Liliana, the State of Israel officially recognized\u00a0<\/span><span style=\"font-family: var( --e-global-typography-text-font-family ), Sans-serif;\">as the person who identified, reported, and\u00a0<\/span><span style=\"font-family: var( --e-global-typography-text-font-family ), Sans-serif;\">and pursued Adolf Eichmann, becoming a crucial figure\u00a0<\/span><span style=\"font-family: var( --e-global-typography-text-font-family ), Sans-serif;\">in bringing him to justice. The Israeli diplomatic\u00a0<\/span><span style=\"font-family: var( --e-global-typography-text-font-family ), Sans-serif;\">attach\u00e9 in Argentina appreciated the significant work carried out by Liliana for\u00a0<\/span><span style=\"font-family: var( --e-global-typography-text-font-family ), Sans-serif;\">the history of her country and all Jews worldwide.<\/span><\/strong><\/span><\/p><p>In Coronel Su\u00e1rez, the last Argentine city of residence for Lothar, his nearly forgotten and almost disappeared grave was reconstructed by the city government as a heartfelt tribute.\u00a0<\/p><p>In 2014, the Argentine government honored him on the International Holocaust Remembrance Day.\u00a0<span style=\"color: var( --e-global-color-text ); font-family: var( --e-global-typography-text-font-family ), Sans-serif; font-weight: var( --e-global-typography-text-font-weight );\">During the ceremony, the Argentine chancellor and the Minister of Education, in their speeches, praised Liliana's historical work regarding the Holocaust.<\/span><\/p><p>Liliana's quest also led her to feel the need to\u00a0<span style=\"color: var( --e-global-color-text ); font-family: var( --e-global-typography-text-font-family ), Sans-serif; font-weight: var( --e-global-typography-text-font-weight );\">understand both sides of the story; that's why she reached out to\u00a0<\/span><span style=\"color: var( --e-global-color-text ); font-family: var( --e-global-typography-text-font-family ), Sans-serif; font-weight: var( --e-global-typography-text-font-weight );\">descendants of Adolf Eichmann. His son Ricardo was the one who\u00a0<\/span><span style=\"color: var( --e-global-color-text ); font-family: var( --e-global-typography-text-font-family ), Sans-serif; font-weight: var( --e-global-typography-text-font-weight );\">understood the importance of this encounter, and they both met in\u00a0<\/span><span style=\"color: var( --e-global-color-text ); font-family: var( --e-global-typography-text-font-family ), Sans-serif; font-weight: var( --e-global-typography-text-font-weight );\">Berlin in September 2021. This meeting represented the laying\u00a0<\/span><span style=\"color: var( --e-global-color-text ); font-family: var( --e-global-typography-text-font-family ), Sans-serif; font-weight: var( --e-global-typography-text-font-weight );\">of a bridge of immense historical value, a bridge that should never\u00a0<\/span><span style=\"color: var( --e-global-color-text ); font-family: var( --e-global-typography-text-font-family ), Sans-serif; font-weight: var( --e-global-typography-text-font-weight );\">be crossed by hatred or anti-Semitism. The meeting\u00a0<\/span><span style=\"color: var( --e-global-color-text ); font-family: var( --e-global-typography-text-font-family ), Sans-serif; font-weight: var( --e-global-typography-text-font-weight );\">also set a precedent that allowed other descendants of Nazis\u00a0<\/span><span style=\"color: var( --e-global-color-text ); font-family: var( --e-global-typography-text-font-family ), Sans-serif; font-weight: var( --e-global-typography-text-font-weight );\">to approach Liliana to collaborate in her struggle.<\/span><\/p><p>Liliana also established contact with Katrin Himmler, niece\u00a0<span style=\"color: var( --e-global-color-text ); font-family: var( --e-global-typography-text-font-family ), Sans-serif; font-weight: var( --e-global-typography-text-font-weight );\">granddaughter of Heinrich Himmler, one of the chief architects of\u00a0<\/span><span style=\"color: var( --e-global-color-text ); font-family: var( --e-global-typography-text-font-family ), Sans-serif; font-weight: var( --e-global-typography-text-font-weight );\">Holocaust; both agreed that there is much to work on to\u00a0<\/span><span style=\"color: var( --e-global-color-text ); font-family: var( --e-global-typography-text-font-family ), Sans-serif; font-weight: var( --e-global-typography-text-font-weight );\">raise awareness in world society about what happened to six\u00a0<\/span><span style=\"color: var( --e-global-color-text ); font-family: var( --e-global-typography-text-font-family ), Sans-serif; font-weight: var( --e-global-typography-text-font-weight );\">millions of Jews during the war. Because 78 years have passed, and\u00a0<\/span><span style=\"color: var( --e-global-color-text ); font-family: var( --e-global-typography-text-font-family ), Sans-serif; font-weight: var( --e-global-typography-text-font-weight );\">many prejudices are still alive.<\/span><\/p>\t\t\t\t\t\t\t\t<\/div>\n\t\t\t\t<\/div>\n\t\t\t\t\t<\/div>\n\t\t<\/div>\n\t\t\t\t\t<\/div>\n\t\t<\/section>\n\t\t\t\t<section class=\"elementor-section elementor-top-section elementor-element elementor-element-55e966a elementor-section-boxed elementor-section-height-default elementor-section-height-default\" data-id=\"55e966a\" data-element_type=\"section\" data-e-type=\"section\">\n\t\t\t\t\t\t<div class=\"elementor-container elementor-column-gap-default\">\n\t\t\t\t\t<div class=\"elementor-column elementor-col-100 elementor-top-column elementor-element elementor-element-f418386\" data-id=\"f418386\" data-element_type=\"column\" data-e-type=\"column\">\n\t\t\t<div class=\"elementor-widget-wrap elementor-element-populated\">\n\t\t\t\t\t\t<div class=\"elementor-element elementor-element-5c2e8d3 elementor-widget elementor-widget-spacer\" data-id=\"5c2e8d3\" data-element_type=\"widget\" data-e-type=\"widget\" data-widget_type=\"spacer.default\">\n\t\t\t\t<div class=\"elementor-widget-container\">\n\t\t\t\t\t\t\t<div class=\"elementor-spacer\">\n\t\t\t<div class=\"elementor-spacer-inner\"><\/div>\n\t\t<\/div>\n\t\t\t\t\t\t<\/div>\n\t\t\t\t<\/div>\n\t\t\t\t\t<\/div>\n\t\t<\/div>\n\t\t\t\t\t<\/div>\n\t\t<\/section>\n\t\t\t\t<section class=\"elementor-section elementor-top-section elementor-element elementor-element-3bbe575 elementor-section-boxed elementor-section-height-default elementor-section-height-default\" data-id=\"3bbe575\" data-element_type=\"section\" data-e-type=\"section\">\n\t\t\t\t\t\t<div class=\"elementor-container elementor-column-gap-default\">\n\t\t\t\t\t<div class=\"elementor-column elementor-col-100 elementor-top-column elementor-element elementor-element-047eff6\" data-id=\"047eff6\" data-element_type=\"column\" data-e-type=\"column\">\n\t\t\t<div class=\"elementor-widget-wrap elementor-element-populated\">\n\t\t\t\t\t\t<div class=\"elementor-element elementor-element-90fcafb elementor-widget elementor-widget-video\" data-id=\"90fcafb\" data-element_type=\"widget\" data-e-type=\"widget\" data-settings=\"{&quot;youtube_url&quot;:&quot;https:\\\/\\\/www.youtube.com\\\/watch?v=UO-JuQ1eYlg&quot;,&quot;video_type&quot;:&quot;youtube&quot;,&quot;controls&quot;:&quot;yes&quot;}\" data-widget_type=\"video.default\">\n\t\t\t\t<div class=\"elementor-widget-container\">\n\t\t\t\t\t\t\t<div class=\"elementor-wrapper elementor-open-inline\">\n\t\t\t<div class=\"elementor-video\"><\/div>\t\t<\/div>\n\t\t\t\t\t\t<\/div>\n\t\t\t\t<\/div>\n\t\t\t\t\t<\/div>\n\t\t<\/div>\n\t\t\t\t\t<\/div>\n\t\t<\/section>\n\t\t\t\t<\/div>","protected":false},"excerpt":{"rendered":"<p>Casi dos d\u00e9cadas le llev\u00f3 a Liliana rastrear sus or\u00edgenes y la historia completa de Lothar, buscando su reivindicaci\u00f3n, que era a la vez la de su propia historia familiar. Durante esta b\u00fasqueda, Liliana revivi\u00f3, en cierta forma, el calvario que le toc\u00f3 vivir a Lothar: un tr\u00e1nsito lleno de sinsabores, de ocultamiento, de presiones &hellip; <\/p>\n<p class=\"link-more\"><a href=\"https:\/\/lilianahermann.com.ar\/en\/liliana\/\" class=\"more-link\">Read more<span class=\"screen-reader-text\"> \u00abAcerca de Liliana\u00bb<\/span><\/a><\/p>","protected":false},"author":2,"featured_media":0,"parent":0,"menu_order":0,"comment_status":"closed","ping_status":"closed","template":"page-templates\/full-width-builder-bb.php","meta":{"inspiro_hide_title":false,"footnotes":""},"class_list":["post-5592","page","type-page","status-publish","hentry"],"featured_media_urls":[],"_links":{"self":[{"href":"https:\/\/lilianahermann.com.ar\/en\/wp-json\/wp\/v2\/pages\/5592","targetHints":{"allow":["GET"]}}],"collection":[{"href":"https:\/\/lilianahermann.com.ar\/en\/wp-json\/wp\/v2\/pages"}],"about":[{"href":"https:\/\/lilianahermann.com.ar\/en\/wp-json\/wp\/v2\/types\/page"}],"author":[{"embeddable":true,"href":"https:\/\/lilianahermann.com.ar\/en\/wp-json\/wp\/v2\/users\/2"}],"replies":[{"embeddable":true,"href":"https:\/\/lilianahermann.com.ar\/en\/wp-json\/wp\/v2\/comments?post=5592"}],"version-history":[{"count":59,"href":"https:\/\/lilianahermann.com.ar\/en\/wp-json\/wp\/v2\/pages\/5592\/revisions"}],"predecessor-version":[{"id":7510,"href":"https:\/\/lilianahermann.com.ar\/en\/wp-json\/wp\/v2\/pages\/5592\/revisions\/7510"}],"wp:attachment":[{"href":"https:\/\/lilianahermann.com.ar\/en\/wp-json\/wp\/v2\/media?parent=5592"}],"curies":[{"name":"wp","href":"https:\/\/api.w.org\/{rel}","templated":true}]}}